{"id":309089,"date":"2023-12-16T16:23:37","date_gmt":"2023-12-16T15:23:37","guid":{"rendered":"https:\/\/collection.galerie-gerdes.com\/produkt\/paysage-danois-maison-au-bord-du-lac-peinture-de-achton-friis\/"},"modified":"2023-12-16T16:23:37","modified_gmt":"2023-12-16T15:23:37","slug":"paysage-danois-maison-au-bord-du-lac-peinture-de-achton-friis","status":"publish","type":"product","link":"https:\/\/collection.galerie-gerdes.com\/fr\/p\/paysage-danois-maison-au-bord-du-lac-peinture-de-achton-friis\/","title":{"rendered":"Paysage danois, maison au bord du lac, peinture de Achton Friis"},"content":{"rendered":"<p>Achton Johannes Friis (1871-1939) est un peintre et illustrateur renomm\u00e9. Il est n\u00e9 le 5 septembre 1871 \u00e0 Trustrup, Lyngby Sogn, province de Randers, et est d\u00e9c\u00e9d\u00e9 le 17 d\u00e9cembre 1939 \u00e0 Copenhague. Sa m\u00e8re, Maren F. Fries, \u00e9tait la fille d&rsquo;un fermier et a \u00e9pous\u00e9 la violoniste Martha Elster le 15 d\u00e9cembre 1909 \u00e0 Copenhague. Martha est n\u00e9e le 17 septembre 1879 dans la m\u00eame ville et est finalement d\u00e9c\u00e9d\u00e9e le 28 f\u00e9vrier 1966 \u00e0 Frederiksberg. Elle \u00e9tait la fille du capitaine Chr. Gregers E. et de Lovise Augusta Petersen, qui \u00e9taient des personnes ais\u00e9es.    <\/p>\n<p>Achton Friis \u00e9tait un homme aux multiples facettes, qui combinait les qualit\u00e9s d&rsquo;un agriculteur avec une allure aristocratique. Ce m\u00e9lange unique lui a permis, bien qu&rsquo;il ne soit dou\u00e9 dans aucun domaine, de mener une vie \u00e0 la fois d\u00e9vou\u00e9e et exceptionnellement utile. C&rsquo;est au cours de l&rsquo;exp\u00e9dition danoise avec Mylius-Erichsen qu&rsquo;il a d\u00e9couvert ses talents d&rsquo;\u00e9crivain et de plasticien, profond\u00e9ment \u00e9mu par les paysages de la c\u00f4te nord-est du Groenland. Il a r\u00e9alis\u00e9 une s\u00e9rie de paysages vivants et impressionnants, ainsi que des portraits grav\u00e9s et peints, notamment de son ami J\u00f8rgen Br\u00f8nlund. Ces \u0153uvres ont \u00e9t\u00e9 reproduites dans les livres de Mylius-Erichsen sur le Groenland.    <\/p>\n<p>Outre ses contributions artistiques, Friis a \u00e9galement r\u00e9dig\u00e9 et illustr\u00e9 des r\u00e9cits de voyage, comme dans son livre \u00ab\u00a0Arctic Hunter\u00a0\u00bb. Cependant, son v\u00e9ritable talent consistait \u00e0 capturer la beaut\u00e9 vari\u00e9e du Danemark avec les yeux d&rsquo;un artiste. Ses \u0153uvres, \u00ab\u00a0Les \u00eeles des Danois  <\/p>\n","protected":false},"excerpt":{"rendered":"<p>Achton Johannes Friis (1871-1939)<br \/>\nQuelques pertes de couleur, rayures, bosses<\/p>\n","protected":false},"featured_media":7651,"template":"","meta":{"site-sidebar-layout":"default","site-content-layout":"","ast-site-content-layout":"default","site-content-style":"default","site-sidebar-style":"default","ast-global-header-display":"","ast-banner-title-visibility":"","ast-main-header-display":"","ast-hfb-above-header-display":"","ast-hfb-below-header-display":"","ast-hfb-mobile-header-display":"","site-post-title":"","ast-breadcrumbs-content":"","ast-featured-img":"","footer-sml-layout":"","ast-disable-related-posts":"","theme-transparent-header-meta":"default","adv-header-id-meta":"","stick-header-meta":"","header-above-stick-meta":"","header-main-stick-meta":"","header-below-stick-meta":"","astra-migrate-meta-layouts":"default","ast-page-background-enabled":"default","ast-page-background-meta":{"desktop":{"background-color":"var(--ast-global-color-4)","background-image":"","background-repeat":"repeat","background-position":"center center","background-size":"auto","background-attachment":"scroll","background-type":"","background-media":"","overlay-type":"","overlay-color":"","overlay-opacity":"","overlay-gradient":""},"tablet":{"background-color":"","background-image":"","background-repeat":"repeat","background-position":"center center","background-size":"auto","background-attachment":"scroll","background-type":"","background-media":"","overlay-type":"","overlay-color":"","overlay-opacity":"","overlay-gradient":""},"mobile":{"background-color":"","background-image":"","background-repeat":"repeat","background-position":"center center","background-size":"auto","background-attachment":"scroll","background-type":"","background-media":"","overlay-type":"","overlay-color":"","overlay-opacity":"","overlay-gradient":""}},"ast-content-background-meta":{"desktop":{"background-color":"var(--ast-global-color-5)","background-image":"","background-repeat":"repeat","background-position":"center center","background-size":"auto","background-attachment":"scroll","background-type":"","background-media":"","overlay-type":"","overlay-color":"","overlay-opacity":"","overlay-gradient":""},"tablet":{"background-color":"var(--ast-global-color-5)","background-image":"","background-repeat":"repeat","background-position":"center center","background-size":"auto","background-attachment":"scroll","background-type":"","background-media":"","overlay-type":"","overlay-color":"","overlay-opacity":"","overlay-gradient":""},"mobile":{"background-color":"var(--ast-global-color-5)","background-image":"","background-repeat":"repeat","background-position":"center center","background-size":"auto","background-attachment":"scroll","background-type":"","background-media":"","overlay-type":"","overlay-color":"","overlay-opacity":"","overlay-gradient":""}}},"product_brand":[],"product_cat":[2714,591,593],"product_tag":[1485,14995,1486,1487,14993,1488,14998,1489,1490,14999],"class_list":{"0":"post-309089","1":"product","2":"type-product","3":"status-publish","4":"has-post-thumbnail","6":"product_cat-danish-fr","7":"product_cat-landschaft-fr","8":"product_cat-painting-fr","9":"product_tag-art-fr","10":"product_tag-danois","11":"product_tag-gemalde-fr","12":"product_tag-kunst-fr","13":"product_tag-landscape-fr","14":"product_tag-painting-fr","15":"product_tag-peinture-a-lhuile","16":"product_tag-peintures-fr","17":"product_tag-pittura-fr","18":"product_tag-toile","19":"desktop-align-center","20":"tablet-align-left","21":"mobile-align-left","23":"first","24":"instock","25":"taxable","26":"shipping-taxable","27":"product-type-simple"},"_links":{"self":[{"href":"https:\/\/collection.galerie-gerdes.com\/fr\/wp-json\/wp\/v2\/product\/309089","targetHints":{"allow":["GET"]}}],"collection":[{"href":"https:\/\/collection.galerie-gerdes.com\/fr\/wp-json\/wp\/v2\/product"}],"about":[{"href":"https:\/\/collection.galerie-gerdes.com\/fr\/wp-json\/wp\/v2\/types\/product"}],"wp:featuredmedia":[{"embeddable":true,"href":"https:\/\/collection.galerie-gerdes.com\/fr\/wp-json\/wp\/v2\/media\/7651"}],"wp:attachment":[{"href":"https:\/\/collection.galerie-gerdes.com\/fr\/wp-json\/wp\/v2\/media?parent=309089"}],"wp:term":[{"taxonomy":"product_brand","embeddable":true,"href":"https:\/\/collection.galerie-gerdes.com\/fr\/wp-json\/wp\/v2\/product_brand?post=309089"},{"taxonomy":"product_cat","embeddable":true,"href":"https:\/\/collection.galerie-gerdes.com\/fr\/wp-json\/wp\/v2\/product_cat?post=309089"},{"taxonomy":"product_tag","embeddable":true,"href":"https:\/\/collection.galerie-gerdes.com\/fr\/wp-json\/wp\/v2\/product_tag?post=309089"}],"curies":[{"name":"wp","href":"https:\/\/api.w.org\/{rel}","templated":true}]}}