{"id":309066,"date":"2023-12-16T16:23:37","date_gmt":"2023-12-16T15:23:37","guid":{"rendered":"https:\/\/collection.galerie-gerdes.com\/produkt\/danska-pokrajina-hisa-ob-jezeru-slika-achton-friis\/"},"modified":"2023-12-16T16:23:37","modified_gmt":"2023-12-16T15:23:37","slug":"danska-pokrajina-hisa-ob-jezeru-slika-achton-friis","status":"publish","type":"product","link":"https:\/\/collection.galerie-gerdes.com\/sl\/p\/danska-pokrajina-hisa-ob-jezeru-slika-achton-friis\/","title":{"rendered":"Danska pokrajina, hi\u0161a ob jezeru, slika Achton Friis"},"content":{"rendered":"<p>Achton Johannes Friis (1871-1939) je bil znan slikar in ilustrator. Rodil se je 5. septembra 1871 v Trustrupu, Lyngby Sogn, okro\u017eje Randers, in umrl 17. decembra 1939 v K\u00f8benhavnu. Njegova mati Maren F. Fries je bila h\u010di kmeta in se je 15. decembra 1909 v K\u00f8benhavnu poro\u010dila z violinistko Martho Elster. Martha se je rodila 17. septembra 1879 v istem mestu in umrla 28. februarja 1966 v Frederiksbergu. Bila je h\u010di kapitana Chr. Gregersa E. in Lovise Auguste Petersen, ki sta bila premo\u017ena.    <\/p>\n<p>Achton Friis je bil vsestranski \u010dlovek, ki je zdru\u017eeval lastnosti kmeta z aristokratskim obna\u0161anjem. Ta edinstvena me\u0161anica mu je omogo\u010dila, da je \u017eivel predano in izjemno smiselno \u017eivljenje, \u010deprav ni bil izjemno nadarjen na nobenem podro\u010dju. Med dansko odpravo z Myliusom-Erichsenom je odkril svoj talent pisatelja in vizualnega umetnika, saj ga je pokrajina na severovzhodni obali Grenlandije mo\u010dno ganila. Ustvaril je vrsto \u017eivahnih in impresivnih krajinskih slik ter jedkanih in slikanih portretov, med drugim svojega prijatelja J\u00f8rgena Br\u00f8nlunda. Ta dela so bila objavljena v Mylius-Erichsenovih knjigah o Grenlandiji.    <\/p>\n<p>Poleg umetni\u0161kih prispevkov je Friis pisal in ilustriral tudi potopise, na primer v knjigi &#8220;Arkti\u010dni lovec&#8221;. Njegov resni\u010dni dar pa je bil, da je z o\u010dmi umetnika ujel raznolike lepote Danske. Njegova dela &#8220;Danski otoki  <\/p>\n","protected":false},"excerpt":{"rendered":"<p>Achton Johannes Friis (1871-1939)<br \/>\nPosamezne barvne izgube, praske, vdolbine<\/p>\n","protected":false},"featured_media":7665,"template":"","meta":{"site-sidebar-layout":"default","site-content-layout":"","ast-site-content-layout":"default","site-content-style":"default","site-sidebar-style":"default","ast-global-header-display":"","ast-banner-title-visibility":"","ast-main-header-display":"","ast-hfb-above-header-display":"","ast-hfb-below-header-display":"","ast-hfb-mobile-header-display":"","site-post-title":"","ast-breadcrumbs-content":"","ast-featured-img":"","footer-sml-layout":"","ast-disable-related-posts":"","theme-transparent-header-meta":"default","adv-header-id-meta":"","stick-header-meta":"","header-above-stick-meta":"","header-main-stick-meta":"","header-below-stick-meta":"","astra-migrate-meta-layouts":"default","ast-page-background-enabled":"default","ast-page-background-meta":{"desktop":{"background-color":"var(--ast-global-color-4)","background-image":"","background-repeat":"repeat","background-position":"center center","background-size":"auto","background-attachment":"scroll","background-type":"","background-media":"","overlay-type":"","overlay-color":"","overlay-opacity":"","overlay-gradient":""},"tablet":{"background-color":"","background-image":"","background-repeat":"repeat","background-position":"center center","background-size":"auto","background-attachment":"scroll","background-type":"","background-media":"","overlay-type":"","overlay-color":"","overlay-opacity":"","overlay-gradient":""},"mobile":{"background-color":"","background-image":"","background-repeat":"repeat","background-position":"center center","background-size":"auto","background-attachment":"scroll","background-type":"","background-media":"","overlay-type":"","overlay-color":"","overlay-opacity":"","overlay-gradient":""}},"ast-content-background-meta":{"desktop":{"background-color":"var(--ast-global-color-5)","background-image":"","background-repeat":"repeat","background-position":"center center","background-size":"auto","background-attachment":"scroll","background-type":"","background-media":"","overlay-type":"","overlay-color":"","overlay-opacity":"","overlay-gradient":""},"tablet":{"background-color":"var(--ast-global-color-5)","background-image":"","background-repeat":"repeat","background-position":"center center","background-size":"auto","background-attachment":"scroll","background-type":"","background-media":"","overlay-type":"","overlay-color":"","overlay-opacity":"","overlay-gradient":""},"mobile":{"background-color":"var(--ast-global-color-5)","background-image":"","background-repeat":"repeat","background-position":"center center","background-size":"auto","background-attachment":"scroll","background-type":"","background-media":"","overlay-type":"","overlay-color":"","overlay-opacity":"","overlay-gradient":""}}},"product_brand":[],"product_cat":[2730,675,677],"product_tag":[1597,14936,1598,1599,14938,1600,1601,1602,14940,14935],"class_list":["post-309066","product","type-product","status-publish","has-post-thumbnail","product_cat-danish-sl","product_cat-landschaft-sl","product_cat-painting-sl","product_tag-art-sl","product_tag-danski","product_tag-gemalde-sl","product_tag-kunst-sl","product_tag-oljna-slika","product_tag-painting-sl","product_tag-peintures-sl","product_tag-pittura-sl","product_tag-platno-sl","product_tag-pokrajina-sl","desktop-align-center","tablet-align-left","mobile-align-left","first","instock","taxable","shipping-taxable","product-type-simple"],"_links":{"self":[{"href":"https:\/\/collection.galerie-gerdes.com\/sl\/wp-json\/wp\/v2\/product\/309066","targetHints":{"allow":["GET"]}}],"collection":[{"href":"https:\/\/collection.galerie-gerdes.com\/sl\/wp-json\/wp\/v2\/product"}],"about":[{"href":"https:\/\/collection.galerie-gerdes.com\/sl\/wp-json\/wp\/v2\/types\/product"}],"wp:featuredmedia":[{"embeddable":true,"href":"https:\/\/collection.galerie-gerdes.com\/sl\/wp-json\/wp\/v2\/media\/7665"}],"wp:attachment":[{"href":"https:\/\/collection.galerie-gerdes.com\/sl\/wp-json\/wp\/v2\/media?parent=309066"}],"wp:term":[{"taxonomy":"product_brand","embeddable":true,"href":"https:\/\/collection.galerie-gerdes.com\/sl\/wp-json\/wp\/v2\/product_brand?post=309066"},{"taxonomy":"product_cat","embeddable":true,"href":"https:\/\/collection.galerie-gerdes.com\/sl\/wp-json\/wp\/v2\/product_cat?post=309066"},{"taxonomy":"product_tag","embeddable":true,"href":"https:\/\/collection.galerie-gerdes.com\/sl\/wp-json\/wp\/v2\/product_tag?post=309066"}],"curies":[{"name":"wp","href":"https:\/\/api.w.org\/{rel}","templated":true}]}}